{"id":155,"date":"2025-05-25T12:25:25","date_gmt":"2025-05-25T10:25:25","guid":{"rendered":"https:\/\/www.klaudiaesgyuszieskuvoje.hu\/?page_id=155"},"modified":"2025-05-25T15:07:18","modified_gmt":"2025-05-25T13:07:18","slug":"hangulatfelelosok","status":"publish","type":"page","link":"https:\/\/www.klaudiaesgyuszieskuvoje.hu\/index.php\/hangulatfelelosok\/","title":{"rendered":"Hangulatfelel\u0151s\u00f6k"},"content":{"rendered":"\n<p class=\"has-text-align-center\">A partin a k\u00f6nnyed \u00e9s st\u00edlusos eleganci\u00e1t szavatolja Szit\u00e1s R\u00f3bert &#8222;Szitu&#8221; cerem\u00f3niamester.<\/p>\n\n\n\n<figure class=\"wp-block-image aligncenter size-full is-resized\"><img loading=\"lazy\" decoding=\"async\" width=\"785\" height=\"825\" src=\"https:\/\/www.klaudiaesgyuszieskuvoje.hu\/wp-content\/uploads\/2025\/05\/szitu-1.jpg\" alt=\"\" class=\"wp-image-156\" style=\"width:339px;height:auto\" srcset=\"https:\/\/www.klaudiaesgyuszieskuvoje.hu\/wp-content\/uploads\/2025\/05\/szitu-1.jpg 785w, https:\/\/www.klaudiaesgyuszieskuvoje.hu\/wp-content\/uploads\/2025\/05\/szitu-1-285x300.jpg 285w, https:\/\/www.klaudiaesgyuszieskuvoje.hu\/wp-content\/uploads\/2025\/05\/szitu-1-768x807.jpg 768w\" sizes=\"auto, (max-width: 785px) 100vw, 785px\" \/><\/figure>\n\n\n\n<p class=\"has-text-align-center\">B\u00e1r tal\u00e1lkoz\u00e1sunkkor csak annyit mondott: ,,Egy cerem\u00f3niamester vagyok a sok k\u00f6z\u00fcl&#8230;\u201d, de m\u00e1r az els\u0151 szem\u00e9lyes megbesz\u00e9l\u00e9s alkalm\u00e1val kider\u00fclt sz\u00e1munkra, hogy szer\u00e9nys\u00e9ge ink\u00e1bb \u00e1lszer\u00e9nys\u00e9g volt.<\/p>\n\n\n\n<p class=\"has-text-align-center\">T\u00f6bb mint 900 levezetett esk\u00fcv\u0151 tapasztalata p\u00e1rosul benne a stand-up humorista k\u00f6nnyeds\u00e9g\u00e9vel, a m\u0171sorvezet\u0151 rutinos fell\u00e9p\u00e9s\u00e9vel \u00e9s st\u00edlusos egy\u00e9nis\u00e9g\u00e9vel \u2013 mindez sug\u00e1rzik bel\u0151le.<\/p>\n\n\n\n<p class=\"has-text-align-center\">K\u00e9rd\u00e9s sem lehetett tov\u00e1bb: a Mi esk\u00fcv\u0151nk\u00f6n Szitura van sz\u00fcks\u00e9g! <\/p>\n\n\n\n<hr class=\"wp-block-separator has-alpha-channel-opacity is-style-wide is-style-wide--1\"\/>\n\n\n\n<p>A hangulatos zen\u00e9\u00e9rt \u00e9s a talpal\u00e1val\u00f3\u00e9rt Szolnoki Zolt\u00e1n &#8222;Goore&#8221; felel.<\/p>\n\n\n\n<figure class=\"wp-block-image aligncenter size-large is-resized\"><img loading=\"lazy\" decoding=\"async\" width=\"1024\" height=\"1024\" src=\"https:\/\/www.klaudiaesgyuszieskuvoje.hu\/wp-content\/uploads\/2025\/05\/goore3-1024x1024.jpg\" alt=\"\" class=\"wp-image-100\" style=\"width:311px;height:auto\" srcset=\"https:\/\/www.klaudiaesgyuszieskuvoje.hu\/wp-content\/uploads\/2025\/05\/goore3-1024x1024.jpg 1024w, https:\/\/www.klaudiaesgyuszieskuvoje.hu\/wp-content\/uploads\/2025\/05\/goore3-300x300.jpg 300w, https:\/\/www.klaudiaesgyuszieskuvoje.hu\/wp-content\/uploads\/2025\/05\/goore3-150x150.jpg 150w, https:\/\/www.klaudiaesgyuszieskuvoje.hu\/wp-content\/uploads\/2025\/05\/goore3-768x768.jpg 768w, https:\/\/www.klaudiaesgyuszieskuvoje.hu\/wp-content\/uploads\/2025\/05\/goore3-1536x1536.jpg 1536w, https:\/\/www.klaudiaesgyuszieskuvoje.hu\/wp-content\/uploads\/2025\/05\/goore3.jpg 2048w\" sizes=\"auto, (max-width: 1024px) 100vw, 1024px\" \/><\/figure>\n\n\n\n<p class=\"has-text-align-center\">Szolnoki Zolt\u00e1n, ismertebb nev\u00e9n Goore, a magyar hiphop \u00e9s RnB m\u0171faj egyik legismertebb el\u0151ad\u00f3ja, zeneszerz\u0151je, olyan el\u0151ad\u00f3kkal dolgozott egy\u00fctt mint Curtis, G.w.M, Burai, Ol\u00e1h Gerg\u0151, Pusk\u00e1s Peti \u00e9s sokan m\u00e1sok. Internetes platformjai t\u00f6bb 10 milli\u00f3s megtekintessel \u00e9s k\u00f6vet\u0151 t\u00e1borral b\u00edrnak. A zene a lelk\u00e9ben \u00e9s sz\u00edv\u00e9ben \u00e9l &#8211; mindezek mellett egy igazi csal\u00e1dapa.<\/p>\n","protected":false},"excerpt":{"rendered":"<p>A partin a k\u00f6nnyed \u00e9s st\u00edlusos eleganci\u00e1t szavatolja Szit\u00e1s R\u00f3bert &#8222;Szitu&#8221; cerem\u00f3niamester. B\u00e1r tal\u00e1lkoz\u00e1sunkkor csak annyit mondott: ,,Egy cerem\u00f3niamester vagyok a sok k\u00f6z\u00fcl&#8230;\u201d, de m\u00e1r az els\u0151 szem\u00e9lyes megbesz\u00e9l\u00e9s alkalm\u00e1val kider\u00fclt sz\u00e1munkra, hogy szer\u00e9nys\u00e9ge ink\u00e1bb \u00e1lszer\u00e9nys\u00e9g volt. T\u00f6bb mint 900 levezetett esk\u00fcv\u0151 tapasztalata p\u00e1rosul benne a stand-up humorista k\u00f6nnyeds\u00e9g\u00e9vel, a m\u0171sorvezet\u0151 rutinos fell\u00e9p\u00e9s\u00e9vel \u00e9s st\u00edlusos [&hellip;]<\/p>\n","protected":false},"author":1,"featured_media":0,"parent":0,"menu_order":0,"comment_status":"closed","ping_status":"closed","template":"","meta":{"footnotes":""},"class_list":["post-155","page","type-page","status-publish","hentry"],"_links":{"self":[{"href":"https:\/\/www.klaudiaesgyuszieskuvoje.hu\/index.php\/wp-json\/wp\/v2\/pages\/155","targetHints":{"allow":["GET"]}}],"collection":[{"href":"https:\/\/www.klaudiaesgyuszieskuvoje.hu\/index.php\/wp-json\/wp\/v2\/pages"}],"about":[{"href":"https:\/\/www.klaudiaesgyuszieskuvoje.hu\/index.php\/wp-json\/wp\/v2\/types\/page"}],"author":[{"embeddable":true,"href":"https:\/\/www.klaudiaesgyuszieskuvoje.hu\/index.php\/wp-json\/wp\/v2\/users\/1"}],"replies":[{"embeddable":true,"href":"https:\/\/www.klaudiaesgyuszieskuvoje.hu\/index.php\/wp-json\/wp\/v2\/comments?post=155"}],"version-history":[{"count":10,"href":"https:\/\/www.klaudiaesgyuszieskuvoje.hu\/index.php\/wp-json\/wp\/v2\/pages\/155\/revisions"}],"predecessor-version":[{"id":180,"href":"https:\/\/www.klaudiaesgyuszieskuvoje.hu\/index.php\/wp-json\/wp\/v2\/pages\/155\/revisions\/180"}],"wp:attachment":[{"href":"https:\/\/www.klaudiaesgyuszieskuvoje.hu\/index.php\/wp-json\/wp\/v2\/media?parent=155"}],"curies":[{"name":"wp","href":"https:\/\/api.w.org\/{rel}","templated":true}]}}