{"id":167,"date":"2025-05-25T12:42:40","date_gmt":"2025-05-25T10:42:40","guid":{"rendered":"https:\/\/www.klaudiaesgyuszieskuvoje.hu\/?page_id=167"},"modified":"2025-05-26T19:27:39","modified_gmt":"2025-05-26T17:27:39","slug":"szallaslehetosegek","status":"publish","type":"page","link":"https:\/\/www.klaudiaesgyuszieskuvoje.hu\/index.php\/szallaslehetosegek\/","title":{"rendered":"Sz\u00e1ll\u00e1slehet\u0151s\u00e9gek"},"content":{"rendered":"\n<p>Ig\u00e9ny eset\u00e9n a kast\u00e9ly sz\u00e1llod\u00e1j\u00e1ban is tudtok sz\u00e1ll\u00e1st foglalni, de a szob\u00e1k sz\u00e1m\u00e1t figyelembe v\u00e9ve elk\u00e9pzelhet\u0151, hogy a helysz\u00ednen nem lesz elegend\u0151 sz\u00e1ll\u00e1shely.<\/p>\n\n\n\n<p>Seg\u00edts\u00e9gk\u00e9ppen megosztunk veletek n\u00e9h\u00e1ny k\u00f6rny\u00e9kbeli sz\u00e1ll\u00e1slehet\u0151s\u00e9get.<\/p>\n\n\n\n<p>Az est folyam\u00e1n a kast\u00e9ly vonz\u00e1s k\u00f6rzet\u00e9ben tal\u00e1lhat\u00f3 sz\u00e1ll\u00e1sokra, k\u00e9r\u00e9s eset\u00e9n sof\u0151rszolg\u00e1lattal seg\u00edtj\u00fck a k\u00f6zleked\u00e9st.<\/p>\n\n\n\n<div class=\"wp-block-group is-nowrap is-layout-flex wp-container-core-group-is-layout-6c531013 wp-block-group-is-layout-flex\">\n<figure class=\"wp-block-image size-full is-resized\"><img loading=\"lazy\" decoding=\"async\" width=\"1024\" height=\"684\" src=\"https:\/\/www.klaudiaesgyuszieskuvoje.hu\/wp-content\/uploads\/2025\/05\/kastely2.png\" alt=\"\" class=\"wp-image-94\" style=\"width:216px;height:auto\" srcset=\"https:\/\/www.klaudiaesgyuszieskuvoje.hu\/wp-content\/uploads\/2025\/05\/kastely2.png 1024w, https:\/\/www.klaudiaesgyuszieskuvoje.hu\/wp-content\/uploads\/2025\/05\/kastely2-300x200.png 300w, https:\/\/www.klaudiaesgyuszieskuvoje.hu\/wp-content\/uploads\/2025\/05\/kastely2-768x513.png 768w\" sizes=\"auto, (max-width: 1024px) 100vw, 1024px\" \/><\/figure>\n\n\n\n<p><a href=\"https:\/\/ketpoikastely.hu\/\" target=\"_blank\" rel=\"noreferrer noopener\">Alm\u00e1sy-Kast\u00e9ly K\u00e9tp\u00f3<\/a><br>&nbsp;+36 20 288 3827<\/p>\n<\/div>\n\n\n\n<div class=\"wp-block-group is-nowrap is-layout-flex wp-container-core-group-is-layout-6c531013 wp-block-group-is-layout-flex\">\n<p><a href=\"https:\/\/hercegasszony.hu\/index.html\" data-type=\"link\" data-id=\"https:\/\/hercegasszony.hu\/index.html\" target=\"_blank\" rel=\"noreferrer noopener\">Hercegasszony Birtok<\/a><br>&nbsp;+36 56 200 166<\/p>\n\n\n\n<figure class=\"wp-block-image size-full is-resized\"><img loading=\"lazy\" decoding=\"async\" width=\"800\" height=\"461\" src=\"https:\/\/www.klaudiaesgyuszieskuvoje.hu\/wp-content\/uploads\/2025\/05\/hercegasszony.jpg\" alt=\"\" class=\"wp-image-176\" style=\"width:223px;height:auto\" srcset=\"https:\/\/www.klaudiaesgyuszieskuvoje.hu\/wp-content\/uploads\/2025\/05\/hercegasszony.jpg 800w, https:\/\/www.klaudiaesgyuszieskuvoje.hu\/wp-content\/uploads\/2025\/05\/hercegasszony-300x173.jpg 300w, https:\/\/www.klaudiaesgyuszieskuvoje.hu\/wp-content\/uploads\/2025\/05\/hercegasszony-768x443.jpg 768w\" sizes=\"auto, (max-width: 800px) 100vw, 800px\" \/><\/figure>\n<\/div>\n\n\n\n<div class=\"wp-block-group is-nowrap is-layout-flex wp-container-core-group-is-layout-6c531013 wp-block-group-is-layout-flex\">\n<figure class=\"wp-block-image size-full is-resized\"><img loading=\"lazy\" decoding=\"async\" width=\"1000\" height=\"750\" src=\"https:\/\/www.klaudiaesgyuszieskuvoje.hu\/wp-content\/uploads\/2025\/05\/nemzeti.jpg\" alt=\"\" class=\"wp-image-177\" style=\"width:203px;height:auto\" srcset=\"https:\/\/www.klaudiaesgyuszieskuvoje.hu\/wp-content\/uploads\/2025\/05\/nemzeti.jpg 1000w, https:\/\/www.klaudiaesgyuszieskuvoje.hu\/wp-content\/uploads\/2025\/05\/nemzeti-300x225.jpg 300w, https:\/\/www.klaudiaesgyuszieskuvoje.hu\/wp-content\/uploads\/2025\/05\/nemzeti-768x576.jpg 768w\" sizes=\"auto, (max-width: 1000px) 100vw, 1000px\" \/><\/figure>\n\n\n\n<p><a href=\"https:\/\/nemzetiszalloda.hu\/\" target=\"_blank\" rel=\"noreferrer noopener\">Nemzeti Sz\u00e1lloda<\/a><br>&nbsp;+36 20 405 2055<\/p>\n<\/div>\n\n\n\n<div class=\"wp-block-group is-nowrap is-layout-flex wp-container-core-group-is-layout-6c531013 wp-block-group-is-layout-flex\">\n<p><a href=\"https:\/\/almasyvendeghaz.hu\/\" target=\"_blank\" rel=\"noreferrer noopener\">Alm\u00e1sy Vend\u00e9gh\u00e1z<\/a><br>+36 70 930 6751<\/p>\n\n\n\n<figure class=\"wp-block-image size-full is-resized\"><img loading=\"lazy\" decoding=\"async\" width=\"656\" height=\"719\" src=\"https:\/\/www.klaudiaesgyuszieskuvoje.hu\/wp-content\/uploads\/2025\/05\/vendeghaz.jpg\" alt=\"\" class=\"wp-image-178\" style=\"width:152px;height:auto\" srcset=\"https:\/\/www.klaudiaesgyuszieskuvoje.hu\/wp-content\/uploads\/2025\/05\/vendeghaz.jpg 656w, https:\/\/www.klaudiaesgyuszieskuvoje.hu\/wp-content\/uploads\/2025\/05\/vendeghaz-274x300.jpg 274w\" sizes=\"auto, (max-width: 656px) 100vw, 656px\" \/><\/figure>\n<\/div>\n\n\n\n<p><\/p>\n","protected":false},"excerpt":{"rendered":"<p>Ig\u00e9ny eset\u00e9n a kast\u00e9ly sz\u00e1llod\u00e1j\u00e1ban is tudtok sz\u00e1ll\u00e1st foglalni, de a szob\u00e1k sz\u00e1m\u00e1t figyelembe v\u00e9ve elk\u00e9pzelhet\u0151, hogy a helysz\u00ednen nem lesz elegend\u0151 sz\u00e1ll\u00e1shely. Seg\u00edts\u00e9gk\u00e9ppen megosztunk veletek n\u00e9h\u00e1ny k\u00f6rny\u00e9kbeli sz\u00e1ll\u00e1slehet\u0151s\u00e9get. Az est folyam\u00e1n a kast\u00e9ly vonz\u00e1s k\u00f6rzet\u00e9ben tal\u00e1lhat\u00f3 sz\u00e1ll\u00e1sokra, k\u00e9r\u00e9s eset\u00e9n sof\u0151rszolg\u00e1lattal seg\u00edtj\u00fck a k\u00f6zleked\u00e9st. Alm\u00e1sy-Kast\u00e9ly K\u00e9tp\u00f3&nbsp;+36 20 288 3827 Hercegasszony Birtok&nbsp;+36 56 200 166 Nemzeti [&hellip;]<\/p>\n","protected":false},"author":1,"featured_media":0,"parent":0,"menu_order":0,"comment_status":"closed","ping_status":"closed","template":"","meta":{"footnotes":""},"class_list":["post-167","page","type-page","status-publish","hentry"],"_links":{"self":[{"href":"https:\/\/www.klaudiaesgyuszieskuvoje.hu\/index.php\/wp-json\/wp\/v2\/pages\/167","targetHints":{"allow":["GET"]}}],"collection":[{"href":"https:\/\/www.klaudiaesgyuszieskuvoje.hu\/index.php\/wp-json\/wp\/v2\/pages"}],"about":[{"href":"https:\/\/www.klaudiaesgyuszieskuvoje.hu\/index.php\/wp-json\/wp\/v2\/types\/page"}],"author":[{"embeddable":true,"href":"https:\/\/www.klaudiaesgyuszieskuvoje.hu\/index.php\/wp-json\/wp\/v2\/users\/1"}],"replies":[{"embeddable":true,"href":"https:\/\/www.klaudiaesgyuszieskuvoje.hu\/index.php\/wp-json\/wp\/v2\/comments?post=167"}],"version-history":[{"count":7,"href":"https:\/\/www.klaudiaesgyuszieskuvoje.hu\/index.php\/wp-json\/wp\/v2\/pages\/167\/revisions"}],"predecessor-version":[{"id":188,"href":"https:\/\/www.klaudiaesgyuszieskuvoje.hu\/index.php\/wp-json\/wp\/v2\/pages\/167\/revisions\/188"}],"wp:attachment":[{"href":"https:\/\/www.klaudiaesgyuszieskuvoje.hu\/index.php\/wp-json\/wp\/v2\/media?parent=167"}],"curies":[{"name":"wp","href":"https:\/\/api.w.org\/{rel}","templated":true}]}}